{"version":"1.0","provider_name":"K\u00fcpeli Teolog","provider_url":"https:\/\/kupeliteolog.com","author_name":"Kupeli Teolog","author_url":"https:\/\/kupeliteolog.com\/index.php\/author\/kupeli_teolog\/","title":"Bebek Vaftizi Kutsal Yaz\u0131lara Dayal\u0131 m\u0131d\u0131r? - K\u00fcpeli Teolog","type":"rich","width":600,"height":338,"html":"<blockquote class=\"wp-embedded-content\" data-secret=\"T7sd9pohhC\"><a href=\"https:\/\/kupeliteolog.com\/index.php\/2023\/06\/27\/bebek-vaftizi-kutsal-yazilara-dayali-midir\/\">Bebek Vaftizi Kutsal Yaz\u0131lara Dayal\u0131 m\u0131d\u0131r?<\/a><\/blockquote><iframe sandbox=\"allow-scripts\" security=\"restricted\" src=\"https:\/\/kupeliteolog.com\/index.php\/2023\/06\/27\/bebek-vaftizi-kutsal-yazilara-dayali-midir\/embed\/#?secret=T7sd9pohhC\" width=\"600\" height=\"338\" title=\"&#8220;Bebek Vaftizi Kutsal Yaz\u0131lara Dayal\u0131 m\u0131d\u0131r?&#8221; &#8212; K\u00fcpeli Teolog\" data-secret=\"T7sd9pohhC\" frameborder=\"0\" marginwidth=\"0\" marginheight=\"0\" scrolling=\"no\" class=\"wp-embedded-content\"><\/iframe><script type=\"text\/javascript\">\n\/* <![CDATA[ *\/\n\/*! This file is auto-generated *\/\n!function(d,l){\"use strict\";l.querySelector&&d.addEventListener&&\"undefined\"!=typeof URL&&(d.wp=d.wp||{},d.wp.receiveEmbedMessage||(d.wp.receiveEmbedMessage=function(e){var t=e.data;if((t||t.secret||t.message||t.value)&&!\/[^a-zA-Z0-9]\/.test(t.secret)){for(var s,r,n,a=l.querySelectorAll('iframe[data-secret=\"'+t.secret+'\"]'),o=l.querySelectorAll('blockquote[data-secret=\"'+t.secret+'\"]'),c=new RegExp(\"^https?:$\",\"i\"),i=0;i<o.length;i++)o[i].style.display=\"none\";for(i=0;i<a.length;i++)s=a[i],e.source===s.contentWindow&&(s.removeAttribute(\"style\"),\"height\"===t.message?(1e3<(r=parseInt(t.value,10))?r=1e3:~~r<200&&(r=200),s.height=r):\"link\"===t.message&&(r=new URL(s.getAttribute(\"src\")),n=new URL(t.value),c.test(n.protocol))&&n.host===r.host&&l.activeElement===s&&(d.top.location.href=t.value))}},d.addEventListener(\"message\",d.wp.receiveEmbedMessage,!1),l.addEventListener(\"DOMContentLoaded\",function(){for(var e,t,s=l.querySelectorAll(\"iframe.wp-embedded-content\"),r=0;r<s.length;r++)(t=(e=s[r]).getAttribute(\"data-secret\"))||(t=Math.random().toString(36).substring(2,12),e.src+=\"#?secret=\"+t,e.setAttribute(\"data-secret\",t)),e.contentWindow.postMessage({message:\"ready\",secret:t},\"*\")},!1)))}(window,document);\n\/\/# sourceURL=https:\/\/kupeliteolog.com\/wp-includes\/js\/wp-embed.min.js\n\/* ]]> *\/\n<\/script>\n","thumbnail_url":"http:\/\/kupeliteolog.com\/wp-content\/uploads\/2023\/06\/religion-1976783_1280.jpg","thumbnail_width":1280,"thumbnail_height":570,"description":"\u00c7eviren: Denizhan Ba\u015faran The Presbyterian Guardian, volume 5 (1938)\u2019den al\u0131nm\u0131\u015ft\u0131r. Vaftiz, Hristiyan kilisesinin bir emridir. \u0130lahi tayine uygun olarak kilise taraf\u0131ndan uygulan\u0131r ve g\u00f6zle g\u00f6r\u00fcnen kilisenin \u00fcyeli\u011fini ba\u015flatan dini t\u00f6rendir. Bu nedenle, bebek vaftizine ili\u015fkin arg\u00fcman, kilisenin do\u011fas\u0131 sorusuyla \u00e7ok yak\u0131ndan ili\u015fkilidir. Tam manas\u0131yla kilise, yeniden do\u011fanlar\u0131n ve imanl\u0131lar\u0131n birli\u011fidir. Bununla birlikte, yeniden do\u011fu\u015f ve &hellip;"}