{"id":1037,"date":"2022-12-10T01:47:27","date_gmt":"2022-12-09T22:47:27","guid":{"rendered":"https:\/\/kupeliteolog.com\/?page_id=1037"},"modified":"2022-12-12T01:08:56","modified_gmt":"2022-12-11T22:08:56","slug":"ben-kimim","status":"publish","type":"page","link":"http:\/\/kupeliteolog.com\/index.php\/ben-kimim\/","title":{"rendered":"Ben Kimim ?"},"content":{"rendered":"<p>Merhaba!<\/p>\n<p>Bloguma ho\u015f geldiniz. Ben K\u00fcpeli Teolog!<\/p>\n<p>Bu blogu a\u00e7mak son birka\u00e7 ayd\u0131r akl\u0131mdayd\u0131, ancak bir t\u00fcrl\u00fc vakit ay\u0131rabilece\u011fimi d\u00fc\u015f\u00fcnmemi\u015ftim. Neyse ki \u015fimdi vakit ay\u0131rma konusunda daha disiplinli davranma s\u00f6z\u00fc verdim kendime.<\/p>\n<p>Bu blogun bir amac\u0131 var: A\u011f\u0131rl\u0131kl\u0131 olarak H\u0131ristiyan (Protestan Reform) ilahiyat\u0131, ancak bazen de felsefe ve psikoloji konular\u0131nda kendi d\u00fc\u015f\u00fcncelerimi yazmak. Ben hem psikolog hem de ayn\u0131 zamanda H\u0131ristiyan ilahiyat\u0131 y\u00fcksek lisans \u00f6\u011frencisiyim. Ancak d\u00fc\u015f\u00fcncelerimi yazarken bunlar\u0131 akademik \u00e7er\u00e7evede ve d\u00fczende de\u011fil, daha \u00e7ok alan d\u0131\u015f\u0131 olan herkesin de kolayca okuyup faydalanaca\u011f\u0131 t\u00fcrde yazaca\u011f\u0131m. Dolay\u0131s\u0131yla blogdaki yaz\u0131lar\u0131 okurken, kesinlikle bir \u015feyler \u00f6\u011frenece\u011finizi bilerek, fakat akademik d\u00fczeydeki a\u011f\u0131rl\u0131ktan uzak bir bi\u00e7imdeki yaz\u0131larla kar\u015f\u0131la\u015fmaya haz\u0131r olarak okuyun.<\/p>\n<p>Ayr\u0131ca, yaz\u0131larla ilgili merak ettiklerinizi \u0130leti\u015fim k\u0131sm\u0131ndaki formu doldurarak bana iletebilirsiniz. Bunun haricinde Faydal\u0131 Linkler\u2019den de ger\u00e7ekten faydal\u0131 kaynaklara eri\u015fim sa\u011flaman\u0131z m\u00fcmk\u00fcn olacakt\u0131r.<\/p>\n<p>\u015eimdiden iyi okumalar!<\/p>\n","protected":false},"excerpt":{"rendered":"<p>Merhaba! Bloguma ho\u015f geldiniz. Ben K\u00fcpeli Teolog! Bu blogu a\u00e7mak son birka\u00e7 ayd\u0131r akl\u0131mdayd\u0131, ancak bir t\u00fcrl\u00fc vakit ay\u0131rabilece\u011fimi d\u00fc\u015f\u00fcnmemi\u015ftim. Neyse ki \u015fimdi vakit ay\u0131rma konusunda daha disiplinli davranma s\u00f6z\u00fc verdim kendime. Bu blogun bir amac\u0131 var: A\u011f\u0131rl\u0131kl\u0131 olarak H\u0131ristiyan (Protestan Reform) ilahiyat\u0131, ancak bazen de felsefe ve psikoloji konular\u0131nda kendi d\u00fc\u015f\u00fcncelerimi yazmak. Ben hem &hellip;<\/p>\n","protected":false},"author":2,"featured_media":0,"parent":0,"menu_order":0,"comment_status":"closed","ping_status":"closed","template":"","meta":{"footnotes":""},"class_list":["post-1037","page","type-page","status-publish","hentry"],"yoast_head":"<!-- This site is optimized with the Yoast SEO plugin v20.11 - https:\/\/yoast.com\/wordpress\/plugins\/seo\/ -->\n<title>Ben Kimim ? - K\u00fcpeli Teolog<\/title>\n<meta name=\"robots\" content=\"index, follow, max-snippet:-1, max-image-preview:large, max-video-preview:-1\" \/>\n<link rel=\"canonical\" href=\"http:\/\/kupeliteolog.com\/index.php\/ben-kimim\/\" \/>\n<meta property=\"og:locale\" content=\"tr_TR\" \/>\n<meta property=\"og:type\" content=\"article\" \/>\n<meta property=\"og:title\" content=\"Ben Kimim ? - K\u00fcpeli Teolog\" \/>\n<meta property=\"og:description\" content=\"Merhaba! Bloguma ho\u015f geldiniz. Ben K\u00fcpeli Teolog! Bu blogu a\u00e7mak son birka\u00e7 ayd\u0131r akl\u0131mdayd\u0131, ancak bir t\u00fcrl\u00fc vakit ay\u0131rabilece\u011fimi d\u00fc\u015f\u00fcnmemi\u015ftim. Neyse ki \u015fimdi vakit ay\u0131rma konusunda daha disiplinli davranma s\u00f6z\u00fc verdim kendime. Bu blogun bir amac\u0131 var: A\u011f\u0131rl\u0131kl\u0131 olarak H\u0131ristiyan (Protestan Reform) ilahiyat\u0131, ancak bazen de felsefe ve psikoloji konular\u0131nda kendi d\u00fc\u015f\u00fcncelerimi yazmak. Ben hem &hellip;\" \/>\n<meta property=\"og:url\" content=\"http:\/\/kupeliteolog.com\/index.php\/ben-kimim\/\" \/>\n<meta property=\"og:site_name\" content=\"K\u00fcpeli Teolog\" \/>\n<meta property=\"article:modified_time\" content=\"2022-12-11T22:08:56+00:00\" \/>\n<meta name=\"twitter:card\" content=\"summary_large_image\" \/>\n<meta name=\"twitter:site\" content=\"@kupeliteolog\" \/>\n<meta name=\"twitter:label1\" content=\"Tahmini okuma s\u00fcresi\" \/>\n\t<meta name=\"twitter:data1\" content=\"1 dakika\" \/>\n<script type=\"application\/ld+json\" class=\"yoast-schema-graph\">{\"@context\":\"https:\/\/schema.org\",\"@graph\":[{\"@type\":\"WebPage\",\"@id\":\"http:\/\/kupeliteolog.com\/index.php\/ben-kimim\/\",\"url\":\"http:\/\/kupeliteolog.com\/index.php\/ben-kimim\/\",\"name\":\"Ben Kimim ? - K\u00fcpeli Teolog\",\"isPartOf\":{\"@id\":\"http:\/\/kupeliteolog.com\/#website\"},\"datePublished\":\"2022-12-09T22:47:27+00:00\",\"dateModified\":\"2022-12-11T22:08:56+00:00\",\"breadcrumb\":{\"@id\":\"http:\/\/kupeliteolog.com\/index.php\/ben-kimim\/#breadcrumb\"},\"inLanguage\":\"tr\",\"potentialAction\":[{\"@type\":\"ReadAction\",\"target\":[\"http:\/\/kupeliteolog.com\/index.php\/ben-kimim\/\"]}]},{\"@type\":\"BreadcrumbList\",\"@id\":\"http:\/\/kupeliteolog.com\/index.php\/ben-kimim\/#breadcrumb\",\"itemListElement\":[{\"@type\":\"ListItem\",\"position\":1,\"name\":\"Anasayfa\",\"item\":\"http:\/\/kupeliteolog.com\/\"},{\"@type\":\"ListItem\",\"position\":2,\"name\":\"Ben Kimim ?\"}]},{\"@type\":\"WebSite\",\"@id\":\"http:\/\/kupeliteolog.com\/#website\",\"url\":\"http:\/\/kupeliteolog.com\/\",\"name\":\"K\u00fcpeli Teolog\",\"description\":\"K\u00fcpeli Teolog Blog Web Sitesi\",\"publisher\":{\"@id\":\"http:\/\/kupeliteolog.com\/#\/schema\/person\/943430f95319ff35f2fa565dee706102\"},\"potentialAction\":[{\"@type\":\"SearchAction\",\"target\":{\"@type\":\"EntryPoint\",\"urlTemplate\":\"http:\/\/kupeliteolog.com\/?s={search_term_string}\"},\"query-input\":\"required name=search_term_string\"}],\"inLanguage\":\"tr\"},{\"@type\":[\"Person\",\"Organization\"],\"@id\":\"http:\/\/kupeliteolog.com\/#\/schema\/person\/943430f95319ff35f2fa565dee706102\",\"name\":\"Kupeli Teolog\",\"image\":{\"@type\":\"ImageObject\",\"inLanguage\":\"tr\",\"@id\":\"http:\/\/kupeliteolog.com\/#\/schema\/person\/image\/\",\"url\":\"http:\/\/kupeliteolog.com\/wp-content\/uploads\/2022\/12\/favicon-1.png\",\"contentUrl\":\"http:\/\/kupeliteolog.com\/wp-content\/uploads\/2022\/12\/favicon-1.png\",\"width\":500,\"height\":500,\"caption\":\"Kupeli Teolog\"},\"logo\":{\"@id\":\"http:\/\/kupeliteolog.com\/#\/schema\/person\/image\/\"},\"sameAs\":[\"https:\/\/kupeliteolog.com\/\",\"https:\/\/twitter.com\/https:\/\/twitter.com\/kupeliteolog\"]}]}<\/script>\n<!-- \/ Yoast SEO plugin. -->","yoast_head_json":{"title":"Ben Kimim ? - K\u00fcpeli Teolog","robots":{"index":"index","follow":"follow","max-snippet":"max-snippet:-1","max-image-preview":"max-image-preview:large","max-video-preview":"max-video-preview:-1"},"canonical":"http:\/\/kupeliteolog.com\/index.php\/ben-kimim\/","og_locale":"tr_TR","og_type":"article","og_title":"Ben Kimim ? - K\u00fcpeli Teolog","og_description":"Merhaba! Bloguma ho\u015f geldiniz. Ben K\u00fcpeli Teolog! Bu blogu a\u00e7mak son birka\u00e7 ayd\u0131r akl\u0131mdayd\u0131, ancak bir t\u00fcrl\u00fc vakit ay\u0131rabilece\u011fimi d\u00fc\u015f\u00fcnmemi\u015ftim. Neyse ki \u015fimdi vakit ay\u0131rma konusunda daha disiplinli davranma s\u00f6z\u00fc verdim kendime. Bu blogun bir amac\u0131 var: A\u011f\u0131rl\u0131kl\u0131 olarak H\u0131ristiyan (Protestan Reform) ilahiyat\u0131, ancak bazen de felsefe ve psikoloji konular\u0131nda kendi d\u00fc\u015f\u00fcncelerimi yazmak. Ben hem &hellip;","og_url":"http:\/\/kupeliteolog.com\/index.php\/ben-kimim\/","og_site_name":"K\u00fcpeli Teolog","article_modified_time":"2022-12-11T22:08:56+00:00","twitter_card":"summary_large_image","twitter_site":"@kupeliteolog","twitter_misc":{"Tahmini okuma s\u00fcresi":"1 dakika"},"schema":{"@context":"https:\/\/schema.org","@graph":[{"@type":"WebPage","@id":"http:\/\/kupeliteolog.com\/index.php\/ben-kimim\/","url":"http:\/\/kupeliteolog.com\/index.php\/ben-kimim\/","name":"Ben Kimim ? - K\u00fcpeli Teolog","isPartOf":{"@id":"http:\/\/kupeliteolog.com\/#website"},"datePublished":"2022-12-09T22:47:27+00:00","dateModified":"2022-12-11T22:08:56+00:00","breadcrumb":{"@id":"http:\/\/kupeliteolog.com\/index.php\/ben-kimim\/#breadcrumb"},"inLanguage":"tr","potentialAction":[{"@type":"ReadAction","target":["http:\/\/kupeliteolog.com\/index.php\/ben-kimim\/"]}]},{"@type":"BreadcrumbList","@id":"http:\/\/kupeliteolog.com\/index.php\/ben-kimim\/#breadcrumb","itemListElement":[{"@type":"ListItem","position":1,"name":"Anasayfa","item":"http:\/\/kupeliteolog.com\/"},{"@type":"ListItem","position":2,"name":"Ben Kimim ?"}]},{"@type":"WebSite","@id":"http:\/\/kupeliteolog.com\/#website","url":"http:\/\/kupeliteolog.com\/","name":"K\u00fcpeli Teolog","description":"K\u00fcpeli Teolog Blog Web Sitesi","publisher":{"@id":"http:\/\/kupeliteolog.com\/#\/schema\/person\/943430f95319ff35f2fa565dee706102"},"potentialAction":[{"@type":"SearchAction","target":{"@type":"EntryPoint","urlTemplate":"http:\/\/kupeliteolog.com\/?s={search_term_string}"},"query-input":"required name=search_term_string"}],"inLanguage":"tr"},{"@type":["Person","Organization"],"@id":"http:\/\/kupeliteolog.com\/#\/schema\/person\/943430f95319ff35f2fa565dee706102","name":"Kupeli Teolog","image":{"@type":"ImageObject","inLanguage":"tr","@id":"http:\/\/kupeliteolog.com\/#\/schema\/person\/image\/","url":"http:\/\/kupeliteolog.com\/wp-content\/uploads\/2022\/12\/favicon-1.png","contentUrl":"http:\/\/kupeliteolog.com\/wp-content\/uploads\/2022\/12\/favicon-1.png","width":500,"height":500,"caption":"Kupeli Teolog"},"logo":{"@id":"http:\/\/kupeliteolog.com\/#\/schema\/person\/image\/"},"sameAs":["https:\/\/kupeliteolog.com\/","https:\/\/twitter.com\/https:\/\/twitter.com\/kupeliteolog"]}]}},"_links":{"self":[{"href":"http:\/\/kupeliteolog.com\/index.php\/wp-json\/wp\/v2\/pages\/1037","targetHints":{"allow":["GET"]}}],"collection":[{"href":"http:\/\/kupeliteolog.com\/index.php\/wp-json\/wp\/v2\/pages"}],"about":[{"href":"http:\/\/kupeliteolog.com\/index.php\/wp-json\/wp\/v2\/types\/page"}],"author":[{"embeddable":true,"href":"http:\/\/kupeliteolog.com\/index.php\/wp-json\/wp\/v2\/users\/2"}],"replies":[{"embeddable":true,"href":"http:\/\/kupeliteolog.com\/index.php\/wp-json\/wp\/v2\/comments?post=1037"}],"version-history":[{"count":6,"href":"http:\/\/kupeliteolog.com\/index.php\/wp-json\/wp\/v2\/pages\/1037\/revisions"}],"predecessor-version":[{"id":1158,"href":"http:\/\/kupeliteolog.com\/index.php\/wp-json\/wp\/v2\/pages\/1037\/revisions\/1158"}],"wp:attachment":[{"href":"http:\/\/kupeliteolog.com\/index.php\/wp-json\/wp\/v2\/media?parent=1037"}],"curies":[{"name":"wp","href":"https:\/\/api.w.org\/{rel}","templated":true}]}}